{"version":"1.0","provider_name":"F\u00f6rvetet","provider_url":"https:\/\/www.freiholtz.se\/forvetet","title":"Subjektiva reflektioner I - F\u00f6rvetet","type":"rich","width":600,"height":338,"html":"<blockquote class=\"wp-embedded-content\" data-secret=\"rY3xgzrcNI\"><a href=\"https:\/\/www.freiholtz.se\/forvetet\/2005\/02\/09\/subjektiva-reflektioner-i\/\">Subjektiva reflektioner I<\/a><\/blockquote><iframe sandbox=\"allow-scripts\" security=\"restricted\" src=\"https:\/\/www.freiholtz.se\/forvetet\/2005\/02\/09\/subjektiva-reflektioner-i\/embed\/#?secret=rY3xgzrcNI\" width=\"600\" height=\"338\" title=\"\u201dSubjektiva reflektioner I\u201d &ndash; F\u00f6rvetet\" data-secret=\"rY3xgzrcNI\" frameborder=\"0\" marginwidth=\"0\" marginheight=\"0\" scrolling=\"no\" class=\"wp-embedded-content\"><\/iframe><script>\n\/*! This file is auto-generated *\/\n!function(d,l){\"use strict\";l.querySelector&&d.addEventListener&&\"undefined\"!=typeof URL&&(d.wp=d.wp||{},d.wp.receiveEmbedMessage||(d.wp.receiveEmbedMessage=function(e){var t=e.data;if((t||t.secret||t.message||t.value)&&!\/[^a-zA-Z0-9]\/.test(t.secret)){for(var s,r,n,a=l.querySelectorAll('iframe[data-secret=\"'+t.secret+'\"]'),o=l.querySelectorAll('blockquote[data-secret=\"'+t.secret+'\"]'),c=new RegExp(\"^https?:$\",\"i\"),i=0;i<o.length;i++)o[i].style.display=\"none\";for(i=0;i<a.length;i++)s=a[i],e.source===s.contentWindow&&(s.removeAttribute(\"style\"),\"height\"===t.message?(1e3<(r=parseInt(t.value,10))?r=1e3:~~r<200&&(r=200),s.height=r):\"link\"===t.message&&(r=new URL(s.getAttribute(\"src\")),n=new URL(t.value),c.test(n.protocol))&&n.host===r.host&&l.activeElement===s&&(d.top.location.href=t.value))}},d.addEventListener(\"message\",d.wp.receiveEmbedMessage,!1),l.addEventListener(\"DOMContentLoaded\",function(){for(var e,t,s=l.querySelectorAll(\"iframe.wp-embedded-content\"),r=0;r<s.length;r++)(t=(e=s[r]).getAttribute(\"data-secret\"))||(t=Math.random().toString(36).substring(2,12),e.src+=\"#?secret=\"+t,e.setAttribute(\"data-secret\",t)),e.contentWindow.postMessage({message:\"ready\",secret:t},\"*\")},!1)))}(window,document);\n\/\/# sourceURL=https:\/\/www.freiholtz.se\/forvetet\/wp-includes\/js\/wp-embed.min.js\n<\/script>\n","description":"Jag s\u00e5g hos Alicio att Ayn Rand skulle firat sin 100:de f\u00f6delsedag h\u00e4rom veckan om hon fortfarande varit i livet. Det \u00e4r tillr\u00e4cklig anledning f\u00f6r mig att skriva n\u00e5gra rader om hennes tegelstensroman Och v\u00e4rlden sk\u00e4lvde, en kultbok f\u00f6r alla nyliberaler. Jag har, det medges, haft f\u00f6rutfattade meningar om Ayn Rand och hennes filosofi, den..."}